{"id":2964,"date":"2023-03-22T15:28:07","date_gmt":"2023-03-22T15:28:07","guid":{"rendered":"https:\/\/caribia.es\/?page_id=2964"},"modified":"2023-07-22T22:08:55","modified_gmt":"2023-07-22T22:08:55","slug":"puesta-de-sol","status":"publish","type":"page","link":"https:\/\/caribia.es\/fr\/excursiones-compartidas\/puesta-de-sol\/","title":{"rendered":"Coucher du soleil"},"content":{"rendered":"<div data-elementor-type=\"wp-page\" data-elementor-id=\"2964\" class=\"elementor elementor-2964\" data-elementor-post-type=\"page\">\n\t\t\t\t\t\t<section class=\"elementor-section elementor-top-section elementor-element elementor-element-c49f5cb elementor-section-height-min-height elementor-section-boxed elementor-section-height-default elementor-section-items-middle\" data-id=\"c49f5cb\" data-element_type=\"section\" data-e-type=\"section\">\n\t\t\t\t\t\t<div class=\"elementor-container elementor-column-gap-default\">\n\t\t\t\t\t<div class=\"elementor-column elementor-col-100 elementor-top-column elementor-element elementor-element-f439298\" data-id=\"f439298\" data-element_type=\"column\" data-e-type=\"column\">\n\t\t\t<div class=\"elementor-widget-wrap elementor-element-populated\">\n\t\t\t\t\t\t<div class=\"elementor-element elementor-element-706d97a elementor-widget elementor-widget-html\" data-id=\"706d97a\" data-element_type=\"widget\" data-e-type=\"widget\" data-widget_type=\"html.default\">\n\t\t\t\t<div class=\"elementor-widget-container\">\n\t\t\t\t\t<!-- Google tag (gtag.js) -->\r\n<script async src=\"https:\/\/www.googletagmanager.com\/gtag\/js?id=AW-620574860\"><\/script>\r\n<script>\r\n  window.dataLayer = window.dataLayer || [];\r\n  function gtag(){dataLayer.push(arguments);}\r\n  gtag('js', new Date());\r\n\r\n  gtag('config', 'AW-620574860');\r\n<\/script>\r\n\t\t\t\t<\/div>\n\t\t\t\t<\/div>\n\t\t\t\t\t<\/div>\n\t\t<\/div>\n\t\t\t\t\t<\/div>\n\t\t<\/section>\n\t\t\t\t<section class=\"elementor-section elementor-top-section elementor-element elementor-element-54a338a elementor-reverse-tablet elementor-reverse-mobile elementor-section-boxed elementor-section-height-default elementor-section-height-default\" data-id=\"54a338a\" data-element_type=\"section\" data-e-type=\"section\">\n\t\t\t\t\t\t<div class=\"elementor-container elementor-column-gap-default\">\n\t\t\t\t\t<div class=\"elementor-column elementor-col-100 elementor-top-column elementor-element elementor-element-f277065\" data-id=\"f277065\" data-element_type=\"column\" data-e-type=\"column\" data-settings=\"{&quot;background_background&quot;:&quot;classic&quot;}\">\n\t\t\t<div class=\"elementor-widget-wrap elementor-element-populated\">\n\t\t\t\t\t\t<div class=\"elementor-element elementor-element-2fee231 elementor-widget elementor-widget-heading\" data-id=\"2fee231\" data-element_type=\"widget\" data-e-type=\"widget\" data-widget_type=\"heading.default\">\n\t\t\t\t<div class=\"elementor-widget-container\">\n\t\t\t\t\t<h2 class=\"elementor-heading-title elementor-size-default\">EXCURSIONS AU COUCHER DU SOLEIL<\/h2>\t\t\t\t<\/div>\n\t\t\t\t<\/div>\n\t\t\t\t\t<\/div>\n\t\t<\/div>\n\t\t\t\t\t<\/div>\n\t\t<\/section>\n\t\t\t\t<section class=\"elementor-section elementor-top-section elementor-element elementor-element-3a7dc1a elementor-reverse-tablet elementor-reverse-mobile elementor-section-boxed elementor-section-height-default elementor-section-height-default\" data-id=\"3a7dc1a\" data-element_type=\"section\" data-e-type=\"section\">\n\t\t\t\t\t\t<div class=\"elementor-container elementor-column-gap-default\">\n\t\t\t\t\t<div class=\"elementor-column elementor-col-100 elementor-top-column elementor-element elementor-element-7a44955\" data-id=\"7a44955\" data-element_type=\"column\" data-e-type=\"column\" data-settings=\"{&quot;background_background&quot;:&quot;classic&quot;}\">\n\t\t\t<div class=\"elementor-widget-wrap elementor-element-populated\">\n\t\t\t\t\t\t<div class=\"elementor-element elementor-element-2cb7d8d elementor-widget elementor-widget-heading\" data-id=\"2cb7d8d\" data-element_type=\"widget\" data-e-type=\"widget\" data-widget_type=\"heading.default\">\n\t\t\t\t<div class=\"elementor-widget-container\">\n\t\t\t\t\t<h2 class=\"elementor-heading-title elementor-size-default\"><h2 style=\"font-family: Assistant, sans-serif;font-weight: 300;line-height: 1;font-size: 18px;letter-spacing: -0.4px;white-space: normal\">De la voile, une escale, de la musique relaxante et une belle vue sur le coucher de soleil en mer... Id\u00e9al pour les couples.<br><br>- 3 heures, de *18h30 \u00e0 21h30<br><br>- Groupes de 11 personnes maximum<br><br>- 1 arr\u00eat en calanque<br><br>- Tapas et open bar inclus<\/h2><h2 style=\"font-family: Assistant, sans-serif;font-weight: 300;line-height: 1;font-size: 18px;letter-spacing: -0.4px;white-space: normal\">- Transfert optionnel*<span style=\"color: inherit;font-family: var( --e-global-typography-2a403c8-font-family ), Sans-serif;font-size: var( --e-global-typography-2a403c8-font-size );font-weight: var( --e-global-typography-2a403c8-font-weight );letter-spacing: var( --e-global-typography-2a403c8-letter-spacing );white-space: pre-wrap\"><\/span><\/h2><\/h2>\t\t\t\t<\/div>\n\t\t\t\t<\/div>\n\t\t\t\t\t<\/div>\n\t\t<\/div>\n\t\t\t\t\t<\/div>\n\t\t<\/section>\n\t\t\t\t<section class=\"elementor-section elementor-top-section elementor-element elementor-element-1a9d096 elementor-section-boxed elementor-section-height-default elementor-section-height-default\" data-id=\"1a9d096\" data-element_type=\"section\" data-e-type=\"section\">\n\t\t\t\t\t\t<div class=\"elementor-container elementor-column-gap-default\">\n\t\t\t\t\t<div class=\"elementor-column elementor-col-50 elementor-top-column elementor-element elementor-element-7f5992f\" data-id=\"7f5992f\" data-element_type=\"column\" data-e-type=\"column\" data-settings=\"{&quot;background_background&quot;:&quot;classic&quot;}\">\n\t\t\t<div class=\"elementor-widget-wrap elementor-element-populated\">\n\t\t\t\t\t\t<div class=\"elementor-element elementor-element-fa78b04 elementor-widget elementor-widget-heading\" data-id=\"fa78b04\" data-element_type=\"widget\" data-e-type=\"widget\" data-widget_type=\"heading.default\">\n\t\t\t\t<div class=\"elementor-widget-container\">\n\t\t\t\t\t<h2 class=\"elementor-heading-title elementor-size-default\">Nereida - Hanse 630e<\/h2>\t\t\t\t<\/div>\n\t\t\t\t<\/div>\n\t\t\t\t<div class=\"elementor-element elementor-element-1a1ad71 elementor-widget elementor-widget-image\" data-id=\"1a1ad71\" data-element_type=\"widget\" data-e-type=\"widget\" data-widget_type=\"image.default\">\n\t\t\t\t<div class=\"elementor-widget-container\">\n\t\t\t\t\t\t\t\t\t\t\t\t\t\t\t<img fetchpriority=\"high\" decoding=\"async\" width=\"2560\" height=\"1707\" src=\"https:\/\/caribia.es\/wp-content\/uploads\/2022\/04\/LUNESFILMS018-scaled.jpg\" class=\"attachment-full size-full wp-image-1447\" alt=\"voilier en excursion\" srcset=\"https:\/\/caribia.es\/wp-content\/uploads\/2022\/04\/LUNESFILMS018-scaled.jpg 2560w, https:\/\/caribia.es\/wp-content\/uploads\/2022\/04\/LUNESFILMS018-300x200.jpg 300w, https:\/\/caribia.es\/wp-content\/uploads\/2022\/04\/LUNESFILMS018-1024x683.jpg 1024w, https:\/\/caribia.es\/wp-content\/uploads\/2022\/04\/LUNESFILMS018-768x512.jpg 768w, https:\/\/caribia.es\/wp-content\/uploads\/2022\/04\/LUNESFILMS018-1536x1024.jpg 1536w, https:\/\/caribia.es\/wp-content\/uploads\/2022\/04\/LUNESFILMS018-2048x1365.jpg 2048w, https:\/\/caribia.es\/wp-content\/uploads\/2022\/04\/LUNESFILMS018-18x12.jpg 18w\" sizes=\"(max-width: 2560px) 100vw, 2560px\" \/>\t\t\t\t\t\t\t\t\t\t\t\t\t\t\t<\/div>\n\t\t\t\t<\/div>\n\t\t\t\t<div class=\"elementor-element elementor-element-c4544c1 elementor-widget elementor-widget-text-editor\" data-id=\"c4544c1\" data-element_type=\"widget\" data-e-type=\"widget\" data-widget_type=\"text-editor.default\">\n\t\t\t\t<div class=\"elementor-widget-container\">\n\t\t\t\t\t\t\t\t\t<p>La location \u00e0 la journ\u00e9e la plus exclusive de Majorque, visitez les plus beaux endroits de la c\u00f4te nord tels que Platja des Coll Baix et Bah\u00eda de Alc\u00fadia<\/p>\n<p>D\u00e9part du Port d&#039;Alc\u00fadia<\/p>\n<p>Itin\u00e9raires possibles :<\/p>\n<p>\u2013 Platja des Coll Baix<\/p>\n<p>\u2013 Baie d&#039;Alc\u00fadia<\/p>\t\t\t\t\t\t\t\t<\/div>\n\t\t\t\t<\/div>\n\t\t\t\t<div class=\"elementor-element elementor-element-71fa749 elementor-widget elementor-widget-text-editor\" data-id=\"71fa749\" data-element_type=\"widget\" data-e-type=\"widget\" data-widget_type=\"text-editor.default\">\n\t\t\t\t<div class=\"elementor-widget-container\">\n\t\t\t\t\t\t\t\t\t<p>*Le programme des visites peut varier selon la p\u00e9riode de l&#039;ann\u00e9e.<\/p>\t\t\t\t\t\t\t\t<\/div>\n\t\t\t\t<\/div>\n\t\t\t\t<div class=\"elementor-element elementor-element-599b492 elementor-widget elementor-widget-text-editor\" data-id=\"599b492\" data-element_type=\"widget\" data-e-type=\"widget\" data-widget_type=\"text-editor.default\">\n\t\t\t\t<div class=\"elementor-widget-container\">\n\t\t\t\t\t\t\t\t\t<p>*Contactez-nous pour plus d&#039;informations sur les transferts.<\/p>\t\t\t\t\t\t\t\t<\/div>\n\t\t\t\t<\/div>\n\t\t\t\t<section class=\"elementor-section elementor-inner-section elementor-element elementor-element-80b9ef2 elementor-section-boxed elementor-section-height-default elementor-section-height-default\" data-id=\"80b9ef2\" data-element_type=\"section\" data-e-type=\"section\">\n\t\t\t\t\t\t<div class=\"elementor-container elementor-column-gap-default\">\n\t\t\t\t\t<div class=\"elementor-column elementor-col-50 elementor-inner-column elementor-element elementor-element-227e2e4\" data-id=\"227e2e4\" data-element_type=\"column\" data-e-type=\"column\">\n\t\t\t<div class=\"elementor-widget-wrap elementor-element-populated\">\n\t\t\t\t\t\t<div class=\"elementor-element elementor-element-0c13775 elementor-widget elementor-widget-heading\" data-id=\"0c13775\" data-element_type=\"widget\" data-e-type=\"widget\" data-widget_type=\"heading.default\">\n\t\t\t\t<div class=\"elementor-widget-container\">\n\t\t\t\t\t<h2 class=\"elementor-heading-title elementor-size-default\">DES PRIX<br><br>Adultes:<br>Enfants:<\/h2>\t\t\t\t<\/div>\n\t\t\t\t<\/div>\n\t\t\t\t\t<\/div>\n\t\t<\/div>\n\t\t\t\t<div class=\"elementor-column elementor-col-50 elementor-inner-column elementor-element elementor-element-e8cffe3\" data-id=\"e8cffe3\" data-element_type=\"column\" data-e-type=\"column\">\n\t\t\t<div class=\"elementor-widget-wrap elementor-element-populated\">\n\t\t\t\t\t\t<div class=\"elementor-element elementor-element-5585e36 elementor-widget elementor-widget-heading\" data-id=\"5585e36\" data-element_type=\"widget\" data-e-type=\"widget\" data-widget_type=\"heading.default\">\n\t\t\t\t<div class=\"elementor-widget-container\">\n\t\t\t\t\t<h2 class=\"elementor-heading-title elementor-size-default\"><br><br>100 \u20ac<br>90 \u20ac<\/h2>\t\t\t\t<\/div>\n\t\t\t\t<\/div>\n\t\t\t\t<div class=\"elementor-element elementor-element-ef71aaa elementor-widget elementor-widget-heading\" data-id=\"ef71aaa\" data-element_type=\"widget\" data-e-type=\"widget\" data-widget_type=\"heading.default\">\n\t\t\t\t<div class=\"elementor-widget-container\">\n\t\t\t\t\t<h2 class=\"elementor-heading-title elementor-size-default\">Tarif enfant:<br>de 4 \u00e0 12 ans<\/h2>\t\t\t\t<\/div>\n\t\t\t\t<\/div>\n\t\t\t\t\t<\/div>\n\t\t<\/div>\n\t\t\t\t\t<\/div>\n\t\t<\/section>\n\t\t\t\t<div class=\"elementor-element elementor-element-8685361 elementor-widget elementor-widget-toggle\" data-id=\"8685361\" data-element_type=\"widget\" data-e-type=\"widget\" data-widget_type=\"toggle.default\">\n\t\t\t\t<div class=\"elementor-widget-container\">\n\t\t\t\t\t<style>.elementor-element-8685361{display:none !important}<\/style>\t\t\t\t<\/div>\n\t\t\t\t<\/div>\n\t\t\t\t<div class=\"elementor-element elementor-element-6715128 elementor-widget elementor-widget-toggle\" data-id=\"6715128\" data-element_type=\"widget\" data-e-type=\"widget\" data-widget_type=\"toggle.default\">\n\t\t\t\t<div class=\"elementor-widget-container\">\n\t\t\t\t\t<style>.elementor-element-6715128{display:none !important}<\/style>\t\t\t\t<\/div>\n\t\t\t\t<\/div>\n\t\t\t\t<div class=\"elementor-element elementor-element-712bca7 elementor-widget elementor-widget-toggle\" data-id=\"712bca7\" data-element_type=\"widget\" data-e-type=\"widget\" data-widget_type=\"toggle.default\">\n\t\t\t\t<div class=\"elementor-widget-container\">\n\t\t\t\t\t<style>.elementor-element-712bca7{display:none !important}<\/style>\t\t\t\t<\/div>\n\t\t\t\t<\/div>\n\t\t\t\t<div class=\"elementor-element elementor-element-9c539ed elementor-widget elementor-widget-toggle\" data-id=\"9c539ed\" data-element_type=\"widget\" data-e-type=\"widget\" data-widget_type=\"toggle.default\">\n\t\t\t\t<div class=\"elementor-widget-container\">\n\t\t\t\t\t\t\t<div class=\"elementor-toggle\">\n\t\t\t\t\t\t\t<div class=\"elementor-toggle-item\">\n\t\t\t\t\t<div id=\"elementor-tab-title-1631\" class=\"elementor-tab-title\" data-tab=\"1\" role=\"button\" aria-controls=\"elementor-tab-content-1631\" aria-expanded=\"false\">\n\t\t\t\t\t\t\t\t\t\t\t\t<span class=\"elementor-toggle-icon elementor-toggle-icon-right\" aria-hidden=\"true\">\n\t\t\t\t\t\t\t\t\t\t\t\t\t\t\t<span class=\"elementor-toggle-icon-closed\"><i class=\"fas fa-chevron-down\"><\/i><\/span>\n\t\t\t\t\t\t\t\t<span class=\"elementor-toggle-icon-opened\"><i class=\"elementor-toggle-icon-opened fas fa-chevron-up\"><\/i><\/span>\n\t\t\t\t\t\t\t\t\t\t\t\t\t<\/span>\n\t\t\t\t\t\t\t\t\t\t\t\t<a class=\"elementor-toggle-title\" tabindex=\"0\">R\u00e9servez-le!<\/a>\n\t\t\t\t\t<\/div>\n\n\t\t\t\t\t<div id=\"elementor-tab-content-1631\" class=\"elementor-tab-content elementor-clearfix\" data-tab=\"1\" role=\"region\" aria-labelledby=\"elementor-tab-title-1631\"><div class=\"load-turitop\" data-service=\"P3\" data-lang=\"fr\" data-embed=\"box\"><\/div><\/div>\n\t\t\t\t<\/div>\n\t\t\t\t\t\t\t\t<\/div>\n\t\t\t\t\t\t<\/div>\n\t\t\t\t<\/div>\n\t\t\t\t\t<\/div>\n\t\t<\/div>\n\t\t\t\t<div class=\"elementor-column elementor-col-50 elementor-top-column elementor-element elementor-element-103402c\" data-id=\"103402c\" data-element_type=\"column\" data-e-type=\"column\" data-settings=\"{&quot;background_background&quot;:&quot;classic&quot;}\">\n\t\t\t<div class=\"elementor-widget-wrap elementor-element-populated\">\n\t\t\t\t\t\t<div class=\"elementor-element elementor-element-216d7b2 elementor-widget elementor-widget-heading\" data-id=\"216d7b2\" data-element_type=\"widget\" data-e-type=\"widget\" data-widget_type=\"heading.default\">\n\t\t\t\t<div class=\"elementor-widget-container\">\n\t\t\t\t\t<h2 class=\"elementor-heading-title elementor-size-default\">Meltemi - Hanse 470e<\/h2>\t\t\t\t<\/div>\n\t\t\t\t<\/div>\n\t\t\t\t<div class=\"elementor-element elementor-element-5f5036d elementor-widget elementor-widget-image\" data-id=\"5f5036d\" data-element_type=\"widget\" data-e-type=\"widget\" data-widget_type=\"image.default\">\n\t\t\t\t<div class=\"elementor-widget-container\">\n\t\t\t\t\t\t\t\t\t\t\t\t\t\t\t<img decoding=\"async\" width=\"2560\" height=\"1707\" src=\"https:\/\/caribia.es\/wp-content\/uploads\/2023\/03\/navegando-1-para-pagina-scaled.jpg\" class=\"attachment-full size-full wp-image-2838\" alt=\"Journ\u00e9e compl\u00e8te\" srcset=\"https:\/\/caribia.es\/wp-content\/uploads\/2023\/03\/navegando-1-para-pagina-scaled.jpg 2560w, https:\/\/caribia.es\/wp-content\/uploads\/2023\/03\/navegando-1-para-pagina-300x200.jpg 300w, https:\/\/caribia.es\/wp-content\/uploads\/2023\/03\/navegando-1-para-pagina-1024x683.jpg 1024w, https:\/\/caribia.es\/wp-content\/uploads\/2023\/03\/navegando-1-para-pagina-768x512.jpg 768w, https:\/\/caribia.es\/wp-content\/uploads\/2023\/03\/navegando-1-para-pagina-1536x1024.jpg 1536w, https:\/\/caribia.es\/wp-content\/uploads\/2023\/03\/navegando-1-para-pagina-2048x1365.jpg 2048w, https:\/\/caribia.es\/wp-content\/uploads\/2023\/03\/navegando-1-para-pagina-18x12.jpg 18w\" sizes=\"(max-width: 2560px) 100vw, 2560px\" \/>\t\t\t\t\t\t\t\t\t\t\t\t\t\t\t<\/div>\n\t\t\t\t<\/div>\n\t\t\t\t<div class=\"elementor-element elementor-element-6509bd8 elementor-widget elementor-widget-text-editor\" data-id=\"6509bd8\" data-element_type=\"widget\" data-e-type=\"widget\" data-widget_type=\"text-editor.default\">\n\t\t\t\t<div class=\"elementor-widget-container\">\n\t\t\t\t\t\t\t\t\t<p><span style=\"letter-spacing: -0.4px;\">D\u00e9part du plus grand port naturel de Majorque, Portocolom, et visite de belles criques de la c\u00f4te Est. Cala Mitjana, Cala Ferrera ou Cala Serena.<\/span><\/p><p><span style=\"font-family: var( --e-global-typography-2a403c8-font-family ), Sans-serif; font-size: var( --e-global-typography-2a403c8-font-size ); font-weight: var( --e-global-typography-2a403c8-font-weight ); letter-spacing: var( --e-global-typography-2a403c8-letter-spacing ); word-spacing: var( --e-global-typography-2a403c8-word-spacing );\">D\u00e9part de Portocolom<\/span><\/p><p><span style=\"font-family: var( --e-global-typography-2a403c8-font-family ), Sans-serif; font-size: var( --e-global-typography-2a403c8-font-size ); font-weight: var( --e-global-typography-2a403c8-font-weight ); word-spacing: var( --e-global-typography-2a403c8-word-spacing ); letter-spacing: -0.4px;\">Itin\u00e9raires possibles :<\/span><\/p><p><span style=\"font-family: var( --e-global-typography-2a403c8-font-family ), Sans-serif; font-size: var( --e-global-typography-2a403c8-font-size ); font-weight: var( --e-global-typography-2a403c8-font-weight ); letter-spacing: var( --e-global-typography-2a403c8-letter-spacing ); word-spacing: var( --e-global-typography-2a403c8-word-spacing );\">\u2013 Cala Mitjana<\/span><\/p><p><span style=\"font-family: var( --e-global-typography-2a403c8-font-family ), Sans-serif; font-size: var( --e-global-typography-2a403c8-font-size ); font-weight: var( --e-global-typography-2a403c8-font-weight ); letter-spacing: var( --e-global-typography-2a403c8-letter-spacing ); word-spacing: var( --e-global-typography-2a403c8-word-spacing );\">\u2013 Cala Ferrera\/Serena<\/span><\/p>\t\t\t\t\t\t\t\t<\/div>\n\t\t\t\t<\/div>\n\t\t\t\t<div class=\"elementor-element elementor-element-6076f55 elementor-widget elementor-widget-text-editor\" data-id=\"6076f55\" data-element_type=\"widget\" data-e-type=\"widget\" data-widget_type=\"text-editor.default\">\n\t\t\t\t<div class=\"elementor-widget-container\">\n\t\t\t\t\t\t\t\t\t<p>*Le programme des visites peut varier selon la p\u00e9riode de l&#039;ann\u00e9e.<\/p>\t\t\t\t\t\t\t\t<\/div>\n\t\t\t\t<\/div>\n\t\t\t\t<div class=\"elementor-element elementor-element-b05bd08 elementor-widget elementor-widget-text-editor\" data-id=\"b05bd08\" data-element_type=\"widget\" data-e-type=\"widget\" data-widget_type=\"text-editor.default\">\n\t\t\t\t<div class=\"elementor-widget-container\">\n\t\t\t\t\t\t\t\t\t<p>*Contactez-nous pour plus d&#039;informations sur les transferts.<\/p>\t\t\t\t\t\t\t\t<\/div>\n\t\t\t\t<\/div>\n\t\t\t\t<section class=\"elementor-section elementor-inner-section elementor-element elementor-element-41668bc elementor-section-boxed elementor-section-height-default elementor-section-height-default\" data-id=\"41668bc\" data-element_type=\"section\" data-e-type=\"section\">\n\t\t\t\t\t\t<div class=\"elementor-container elementor-column-gap-default\">\n\t\t\t\t\t<div class=\"elementor-column elementor-col-50 elementor-inner-column elementor-element elementor-element-9245eef\" data-id=\"9245eef\" data-element_type=\"column\" data-e-type=\"column\">\n\t\t\t<div class=\"elementor-widget-wrap elementor-element-populated\">\n\t\t\t\t\t\t<div class=\"elementor-element elementor-element-e516266 elementor-widget elementor-widget-heading\" data-id=\"e516266\" data-element_type=\"widget\" data-e-type=\"widget\" data-widget_type=\"heading.default\">\n\t\t\t\t<div class=\"elementor-widget-container\">\n\t\t\t\t\t<h2 class=\"elementor-heading-title elementor-size-default\">DES PRIX<br><br>Adultes:<br>Enfants:<\/h2>\t\t\t\t<\/div>\n\t\t\t\t<\/div>\n\t\t\t\t\t<\/div>\n\t\t<\/div>\n\t\t\t\t<div class=\"elementor-column elementor-col-50 elementor-inner-column elementor-element elementor-element-2ce82ab\" data-id=\"2ce82ab\" data-element_type=\"column\" data-e-type=\"column\">\n\t\t\t<div class=\"elementor-widget-wrap elementor-element-populated\">\n\t\t\t\t\t\t<div class=\"elementor-element elementor-element-3c07d5e elementor-widget elementor-widget-heading\" data-id=\"3c07d5e\" data-element_type=\"widget\" data-e-type=\"widget\" data-widget_type=\"heading.default\">\n\t\t\t\t<div class=\"elementor-widget-container\">\n\t\t\t\t\t<h2 class=\"elementor-heading-title elementor-size-default\"><br><br>85 \u20ac<br>75 \u20ac<\/h2>\t\t\t\t<\/div>\n\t\t\t\t<\/div>\n\t\t\t\t<div class=\"elementor-element elementor-element-6d3060f elementor-widget elementor-widget-heading\" data-id=\"6d3060f\" data-element_type=\"widget\" data-e-type=\"widget\" data-widget_type=\"heading.default\">\n\t\t\t\t<div class=\"elementor-widget-container\">\n\t\t\t\t\t<h2 class=\"elementor-heading-title elementor-size-default\">Tarif enfant:<br>de 4 \u00e0 12 ans<\/h2>\t\t\t\t<\/div>\n\t\t\t\t<\/div>\n\t\t\t\t\t<\/div>\n\t\t<\/div>\n\t\t\t\t\t<\/div>\n\t\t<\/section>\n\t\t\t\t<div class=\"elementor-element elementor-element-53adf23 elementor-widget elementor-widget-toggle\" data-id=\"53adf23\" data-element_type=\"widget\" data-e-type=\"widget\" data-widget_type=\"toggle.default\">\n\t\t\t\t<div class=\"elementor-widget-container\">\n\t\t\t\t\t<style>.elementor-element-53adf23{display:none !important}<\/style>\t\t\t\t<\/div>\n\t\t\t\t<\/div>\n\t\t\t\t<div class=\"elementor-element elementor-element-058f1c3 elementor-widget elementor-widget-toggle\" data-id=\"058f1c3\" data-element_type=\"widget\" data-e-type=\"widget\" data-widget_type=\"toggle.default\">\n\t\t\t\t<div class=\"elementor-widget-container\">\n\t\t\t\t\t<style>.elementor-element-058f1c3{display:none !important}<\/style>\t\t\t\t<\/div>\n\t\t\t\t<\/div>\n\t\t\t\t<div class=\"elementor-element elementor-element-607fb15 elementor-widget elementor-widget-toggle\" data-id=\"607fb15\" data-element_type=\"widget\" data-e-type=\"widget\" data-widget_type=\"toggle.default\">\n\t\t\t\t<div class=\"elementor-widget-container\">\n\t\t\t\t\t<style>.elementor-element-607fb15{display:none !important}<\/style>\t\t\t\t<\/div>\n\t\t\t\t<\/div>\n\t\t\t\t<div class=\"elementor-element elementor-element-d291521 elementor-widget elementor-widget-toggle\" data-id=\"d291521\" data-element_type=\"widget\" data-e-type=\"widget\" data-widget_type=\"toggle.default\">\n\t\t\t\t<div class=\"elementor-widget-container\">\n\t\t\t\t\t\t\t<div class=\"elementor-toggle\">\n\t\t\t\t\t\t\t<div class=\"elementor-toggle-item\">\n\t\t\t\t\t<div id=\"elementor-tab-title-2201\" class=\"elementor-tab-title\" data-tab=\"1\" role=\"button\" aria-controls=\"elementor-tab-content-2201\" aria-expanded=\"false\">\n\t\t\t\t\t\t\t\t\t\t\t\t<span class=\"elementor-toggle-icon elementor-toggle-icon-right\" aria-hidden=\"true\">\n\t\t\t\t\t\t\t\t\t\t\t\t\t\t\t<span class=\"elementor-toggle-icon-closed\"><i class=\"fas fa-chevron-down\"><\/i><\/span>\n\t\t\t\t\t\t\t\t<span class=\"elementor-toggle-icon-opened\"><i class=\"elementor-toggle-icon-opened fas fa-chevron-up\"><\/i><\/span>\n\t\t\t\t\t\t\t\t\t\t\t\t\t<\/span>\n\t\t\t\t\t\t\t\t\t\t\t\t<a class=\"elementor-toggle-title\" tabindex=\"0\">R\u00e9servez-le!<\/a>\n\t\t\t\t\t<\/div>\n\n\t\t\t\t\t<div id=\"elementor-tab-content-2201\" class=\"elementor-tab-content elementor-clearfix\" data-tab=\"1\" role=\"region\" aria-labelledby=\"elementor-tab-title-2201\"><div class=\"load-turitop\" data-service=\"P18\" data-lang=\"fr\" data-embed=\"box\"><\/div><\/div>\n\t\t\t\t<\/div>\n\t\t\t\t\t\t\t\t<\/div>\n\t\t\t\t\t\t<\/div>\n\t\t\t\t<\/div>\n\t\t\t\t\t<\/div>\n\t\t<\/div>\n\t\t\t\t\t<\/div>\n\t\t<\/section>\n\t\t\t\t<\/div>","protected":false},"excerpt":{"rendered":"<p>EXCURSIONES DE PUESTA DE SOL Navegaci\u00f3n a vela, una parada, m\u00fasica relajante y una preciosa vista del atardecer en el mar&#8230; Ideal para parejas. &#8211; 3 horas, de *18:30 a 21:30h &#8211; Grupos de m\u00e1ximo 11 personas &#8211; 1 parada en cala &#8211; Tapas y barra libre incluido &#8211; Traslado opcional* Nereida &#8211; Hanse 630e [&hellip;]<\/p>\n","protected":false},"author":1,"featured_media":0,"parent":94,"menu_order":0,"comment_status":"closed","ping_status":"closed","template":"elementor_header_footer","meta":{"_joinchat":[],"footnotes":""},"class_list":["post-2964","page","type-page","status-publish","hentry"],"yoast_head":"<!-- This site is optimized with the Yoast SEO plugin v27.5 - https:\/\/yoast.com\/product\/yoast-seo-wordpress\/ -->\n<title>Puesta de sol - Caribia.es<\/title>\n<meta name=\"description\" content=\"Full day trips on Alcudia and Portocolom. Book now a full day trip for the best sea experience on Mallorca. Food and drinks included. Family friendly!\" \/>\n<meta name=\"robots\" content=\"index, follow, max-snippet:-1, max-image-preview:large, max-video-preview:-1\" \/>\n<link rel=\"canonical\" href=\"https:\/\/caribia.es\/fr\/voyages-partages\/coucher-de-soleil\/\" \/>\n<meta property=\"og:locale\" content=\"fr_FR\" \/>\n<meta property=\"og:type\" content=\"article\" \/>\n<meta property=\"og:title\" content=\"Puesta de sol - Caribia.es\" \/>\n<meta property=\"og:description\" content=\"Full day trips on Alcudia and Portocolom. Book now a full day trip for the best sea experience on Mallorca. Food and drinks included. Family friendly!\" \/>\n<meta property=\"og:url\" content=\"https:\/\/caribia.es\/fr\/voyages-partages\/coucher-de-soleil\/\" \/>\n<meta property=\"og:site_name\" content=\"Caribia.es\" \/>\n<meta property=\"article:modified_time\" content=\"2023-07-22T22:08:55+00:00\" \/>\n<meta property=\"og:image\" content=\"https:\/\/caribia.es\/wp-content\/uploads\/2022\/04\/LUNESFILMS018-scaled.jpg\" \/>\n<meta name=\"twitter:card\" content=\"summary_large_image\" \/>\n<meta name=\"twitter:label1\" content=\"Dur\u00e9e de lecture estim\u00e9e\" \/>\n\t<meta name=\"twitter:data1\" content=\"2 minutes\" \/>\n<script type=\"application\/ld+json\" class=\"yoast-schema-graph\">{\"@context\":\"https:\\\/\\\/schema.org\",\"@graph\":[{\"@type\":\"WebPage\",\"@id\":\"https:\\\/\\\/caribia.es\\\/excursiones-compartidas\\\/puesta-de-sol\\\/\",\"url\":\"https:\\\/\\\/caribia.es\\\/excursiones-compartidas\\\/puesta-de-sol\\\/\",\"name\":\"Puesta de sol - Caribia.es\",\"isPartOf\":{\"@id\":\"https:\\\/\\\/caribia.es\\\/#website\"},\"primaryImageOfPage\":{\"@id\":\"https:\\\/\\\/caribia.es\\\/excursiones-compartidas\\\/puesta-de-sol\\\/#primaryimage\"},\"image\":{\"@id\":\"https:\\\/\\\/caribia.es\\\/excursiones-compartidas\\\/puesta-de-sol\\\/#primaryimage\"},\"thumbnailUrl\":\"https:\\\/\\\/caribia.es\\\/wp-content\\\/uploads\\\/2022\\\/04\\\/LUNESFILMS018-scaled.jpg\",\"datePublished\":\"2023-03-22T15:28:07+00:00\",\"dateModified\":\"2023-07-22T22:08:55+00:00\",\"description\":\"Full day trips on Alcudia and Portocolom. Book now a full day trip for the best sea experience on Mallorca. Food and drinks included. Family friendly!\",\"breadcrumb\":{\"@id\":\"https:\\\/\\\/caribia.es\\\/excursiones-compartidas\\\/puesta-de-sol\\\/#breadcrumb\"},\"inLanguage\":\"fr-FR\",\"potentialAction\":[{\"@type\":\"ReadAction\",\"target\":[\"https:\\\/\\\/caribia.es\\\/excursiones-compartidas\\\/puesta-de-sol\\\/\"]}]},{\"@type\":\"ImageObject\",\"inLanguage\":\"fr-FR\",\"@id\":\"https:\\\/\\\/caribia.es\\\/excursiones-compartidas\\\/puesta-de-sol\\\/#primaryimage\",\"url\":\"https:\\\/\\\/caribia.es\\\/wp-content\\\/uploads\\\/2022\\\/04\\\/LUNESFILMS018-scaled.jpg\",\"contentUrl\":\"https:\\\/\\\/caribia.es\\\/wp-content\\\/uploads\\\/2022\\\/04\\\/LUNESFILMS018-scaled.jpg\"},{\"@type\":\"BreadcrumbList\",\"@id\":\"https:\\\/\\\/caribia.es\\\/excursiones-compartidas\\\/puesta-de-sol\\\/#breadcrumb\",\"itemListElement\":[{\"@type\":\"ListItem\",\"position\":1,\"name\":\"Home\",\"item\":\"https:\\\/\\\/caribia.es\\\/\"},{\"@type\":\"ListItem\",\"position\":2,\"name\":\"Excursiones compartidas\",\"item\":\"https:\\\/\\\/caribia.es\\\/excursiones-compartidas\\\/\"},{\"@type\":\"ListItem\",\"position\":3,\"name\":\"Puesta de sol\"}]},{\"@type\":\"WebSite\",\"@id\":\"https:\\\/\\\/caribia.es\\\/#website\",\"url\":\"https:\\\/\\\/caribia.es\\\/\",\"name\":\"Caribia.es\",\"description\":\"Sailing trips in Mallorca\",\"publisher\":{\"@id\":\"https:\\\/\\\/caribia.es\\\/#organization\"},\"alternateName\":\"Caribia Sailing\",\"potentialAction\":[{\"@type\":\"SearchAction\",\"target\":{\"@type\":\"EntryPoint\",\"urlTemplate\":\"https:\\\/\\\/caribia.es\\\/?s={search_term_string}\"},\"query-input\":{\"@type\":\"PropertyValueSpecification\",\"valueRequired\":true,\"valueName\":\"search_term_string\"}}],\"inLanguage\":\"fr-FR\"},{\"@type\":\"Organization\",\"@id\":\"https:\\\/\\\/caribia.es\\\/#organization\",\"name\":\"Caribia Sailing\",\"url\":\"https:\\\/\\\/caribia.es\\\/\",\"logo\":{\"@type\":\"ImageObject\",\"inLanguage\":\"fr-FR\",\"@id\":\"https:\\\/\\\/caribia.es\\\/#\\\/schema\\\/logo\\\/image\\\/\",\"url\":\"https:\\\/\\\/caribia.es\\\/wp-content\\\/uploads\\\/2023\\\/08\\\/low-recortado-1990-1.png\",\"contentUrl\":\"https:\\\/\\\/caribia.es\\\/wp-content\\\/uploads\\\/2023\\\/08\\\/low-recortado-1990-1.png\",\"width\":811,\"height\":397,\"caption\":\"Caribia Sailing\"},\"image\":{\"@id\":\"https:\\\/\\\/caribia.es\\\/#\\\/schema\\\/logo\\\/image\\\/\"},\"sameAs\":[\"https:\\\/\\\/www.instagram.com\\\/caribiasailing\\\/\",\"https:\\\/\\\/www.youtube.com\\\/channel\\\/UCoNTQ-HCD3H37R6ucQTSsiA\"]}]}<\/script>\n<!-- \/ Yoast SEO plugin. -->","yoast_head_json":{"title":"Coucher de soleil - Caribia.es","description":"Excursions d&#039;une journ\u00e9e compl\u00e8te sur Alcudia et Portocolom. R\u00e9servez maintenant une excursion d&#039;une journ\u00e9e compl\u00e8te pour la meilleure exp\u00e9rience en mer \u00e0 Majorque. Nourriture et boissons comprises. Conviviale et familiale!","robots":{"index":"index","follow":"follow","max-snippet":"max-snippet:-1","max-image-preview":"max-image-preview:large","max-video-preview":"max-video-preview:-1"},"canonical":"https:\/\/caribia.es\/fr\/voyages-partages\/coucher-de-soleil\/","og_locale":"fr_FR","og_type":"article","og_title":"Puesta de sol - Caribia.es","og_description":"Full day trips on Alcudia and Portocolom. Book now a full day trip for the best sea experience on Mallorca. Food and drinks included. Family friendly!","og_url":"https:\/\/caribia.es\/fr\/voyages-partages\/coucher-de-soleil\/","og_site_name":"Caribia.es","article_modified_time":"2023-07-22T22:08:55+00:00","og_image":[{"url":"https:\/\/caribia.es\/wp-content\/uploads\/2022\/04\/LUNESFILMS018-scaled.jpg","type":"","width":"","height":""}],"twitter_card":"summary_large_image","twitter_misc":{"Dur\u00e9e de lecture estim\u00e9e":"2 minutes"},"schema":{"@context":"https:\/\/schema.org","@graph":[{"@type":"WebPage","@id":"https:\/\/caribia.es\/excursiones-compartidas\/puesta-de-sol\/","url":"https:\/\/caribia.es\/excursiones-compartidas\/puesta-de-sol\/","name":"Coucher de soleil - Caribia.es","isPartOf":{"@id":"https:\/\/caribia.es\/#website"},"primaryImageOfPage":{"@id":"https:\/\/caribia.es\/excursiones-compartidas\/puesta-de-sol\/#primaryimage"},"image":{"@id":"https:\/\/caribia.es\/excursiones-compartidas\/puesta-de-sol\/#primaryimage"},"thumbnailUrl":"https:\/\/caribia.es\/wp-content\/uploads\/2022\/04\/LUNESFILMS018-scaled.jpg","datePublished":"2023-03-22T15:28:07+00:00","dateModified":"2023-07-22T22:08:55+00:00","description":"Excursions d&#039;une journ\u00e9e compl\u00e8te sur Alcudia et Portocolom. R\u00e9servez maintenant une excursion d&#039;une journ\u00e9e compl\u00e8te pour la meilleure exp\u00e9rience en mer \u00e0 Majorque. Nourriture et boissons comprises. Conviviale et familiale!","breadcrumb":{"@id":"https:\/\/caribia.es\/excursiones-compartidas\/puesta-de-sol\/#breadcrumb"},"inLanguage":"fr-FR","potentialAction":[{"@type":"ReadAction","target":["https:\/\/caribia.es\/excursiones-compartidas\/puesta-de-sol\/"]}]},{"@type":"ImageObject","inLanguage":"fr-FR","@id":"https:\/\/caribia.es\/excursiones-compartidas\/puesta-de-sol\/#primaryimage","url":"https:\/\/caribia.es\/wp-content\/uploads\/2022\/04\/LUNESFILMS018-scaled.jpg","contentUrl":"https:\/\/caribia.es\/wp-content\/uploads\/2022\/04\/LUNESFILMS018-scaled.jpg"},{"@type":"BreadcrumbList","@id":"https:\/\/caribia.es\/excursiones-compartidas\/puesta-de-sol\/#breadcrumb","itemListElement":[{"@type":"ListItem","position":1,"name":"Home","item":"https:\/\/caribia.es\/"},{"@type":"ListItem","position":2,"name":"Excursiones compartidas","item":"https:\/\/caribia.es\/excursiones-compartidas\/"},{"@type":"ListItem","position":3,"name":"Puesta de sol"}]},{"@type":"WebSite","@id":"https:\/\/caribia.es\/#website","url":"https:\/\/caribia.es\/","name":"Caribia.es","description":"Excursions en voilier \u00e0 Majorque","publisher":{"@id":"https:\/\/caribia.es\/#organization"},"alternateName":"Caribia Sailing","potentialAction":[{"@type":"SearchAction","target":{"@type":"EntryPoint","urlTemplate":"https:\/\/caribia.es\/?s={search_term_string}"},"query-input":{"@type":"PropertyValueSpecification","valueRequired":true,"valueName":"search_term_string"}}],"inLanguage":"fr-FR"},{"@type":"Organization","@id":"https:\/\/caribia.es\/#organization","name":"Voile dans les Cara\u00efbes","url":"https:\/\/caribia.es\/","logo":{"@type":"ImageObject","inLanguage":"fr-FR","@id":"https:\/\/caribia.es\/#\/schema\/logo\/image\/","url":"https:\/\/caribia.es\/wp-content\/uploads\/2023\/08\/low-recortado-1990-1.png","contentUrl":"https:\/\/caribia.es\/wp-content\/uploads\/2023\/08\/low-recortado-1990-1.png","width":811,"height":397,"caption":"Caribia Sailing"},"image":{"@id":"https:\/\/caribia.es\/#\/schema\/logo\/image\/"},"sameAs":["https:\/\/www.instagram.com\/caribiasailing\/","https:\/\/www.youtube.com\/channel\/UCoNTQ-HCD3H37R6ucQTSsiA"]}]}},"_links":{"self":[{"href":"https:\/\/caribia.es\/fr\/wp-json\/wp\/v2\/pages\/2964","targetHints":{"allow":["GET"]}}],"collection":[{"href":"https:\/\/caribia.es\/fr\/wp-json\/wp\/v2\/pages"}],"about":[{"href":"https:\/\/caribia.es\/fr\/wp-json\/wp\/v2\/types\/page"}],"author":[{"embeddable":true,"href":"https:\/\/caribia.es\/fr\/wp-json\/wp\/v2\/users\/1"}],"replies":[{"embeddable":true,"href":"https:\/\/caribia.es\/fr\/wp-json\/wp\/v2\/comments?post=2964"}],"version-history":[{"count":26,"href":"https:\/\/caribia.es\/fr\/wp-json\/wp\/v2\/pages\/2964\/revisions"}],"predecessor-version":[{"id":5946,"href":"https:\/\/caribia.es\/fr\/wp-json\/wp\/v2\/pages\/2964\/revisions\/5946"}],"up":[{"embeddable":true,"href":"https:\/\/caribia.es\/fr\/wp-json\/wp\/v2\/pages\/94"}],"wp:attachment":[{"href":"https:\/\/caribia.es\/fr\/wp-json\/wp\/v2\/media?parent=2964"}],"curies":[{"name":"wp","href":"https:\/\/api.w.org\/{rel}","templated":true}]}}